{"id":11378,"date":"2023-11-10T11:42:38","date_gmt":"2023-11-10T11:42:38","guid":{"rendered":"https:\/\/familyhomesrentals.com\/properties\/apartamento-sol-de-denia\/"},"modified":"2026-08-18T10:49:17","modified_gmt":"2026-08-18T10:49:17","slug":"appartement-sol-de-denia","status":"publish","type":"properties","link":"https:\/\/familyhomesrentals.com\/fr\/properties\/appartement-sol-de-denia\/","title":{"rendered":"Appartement \u00ab Sol de Denia \u00bb, duplex avec piscine et terrasse \u00e0 proximit\u00e9 de la plage de la Marineta Casiana"},"content":{"rendered":"\n<div class=\"wp-block-group is-layout-constrained wp-block-group-is-layout-constrained\">\n<h2 class=\"wp-block-heading has-medium-font-size\"><strong>Passez des vacances inoubliables \u00e0 l&rsquo;appartement Sol de D\u00e9nia<\/strong><\/h2>\n\n\n\n<div class=\"wp-block-group is-layout-constrained wp-block-group-is-layout-constrained\">\n<p class=\"wp-block-paragraph\"><strong>L&rsquo;appartement Sol de D\u00e9nia<\/strong> est l&rsquo;endroit id\u00e9al pour passer des vacances en famille ou entre amis. Pouvant accueillir jusqu&rsquo;\u00e0 4 personnes, cet appartement chaleureux est situ\u00e9 dans un quartier calme, \u00e0 proximit\u00e9 des commerces, des restaurants et des supermarch\u00e9s.   <\/p>\n\n\n\n<p class=\"wp-block-paragraph\">Situ\u00e9 \u00e0 seulement 300 m\u00e8tres de la magnifique plage de sable, cet appartement est le choix id\u00e9al pour ceux qui souhaitent se d\u00e9tendre au bord de la mer. Il dispose en outre d&rsquo;une piscine commune et d&rsquo;agr\u00e9ables terrasses offrant une vue sur le Montg\u00f3, vous garantissant ainsi un cadre serein et naturel. <\/p>\n\n\n\n<p class=\"wp-block-paragraph\"><strong>L&rsquo;appartement \u00ab Sol de D\u00e9nia<\/strong> \u00bb, d&rsquo;une superficie de 84 m\u00b2, est r\u00e9parti sur deux \u00e9tages. Le rez-de-chauss\u00e9e comprend un vaste salon-salle \u00e0 manger \u00e9quip\u00e9 d&rsquo;une t\u00e9l\u00e9vision \u00e0 \u00e9cran plat, du Wi-Fi et de la climatisation pour votre confort. <\/p>\n\n\n\n<p class=\"wp-block-paragraph\">  La cuisine am\u00e9ricaine est enti\u00e8rement \u00e9quip\u00e9e pour que vous puissiez pr\u00e9parer vos plats pr\u00e9f\u00e9r\u00e9s.  <\/p>\n\n\n\n<p class=\"wp-block-paragraph\">De plus, l&rsquo;appartement dispose d&rsquo;un WC et d&rsquo;une terrasse couverte de 16 m\u00b2, orient\u00e9e \u00e0 l&rsquo;est, o\u00f9 vous pourrez profiter du soleil toute la journ\u00e9e. Depuis la cuisine et la terrasse, vous aurez un acc\u00e8s direct au jardin, id\u00e9al pour vous d\u00e9tendre en plein air. <\/p>\n\n\n\n<p class=\"wp-block-paragraph\"><strong>LES F\u00caTES ET LES GROUPES DE PERSONNES \u00c2G\u00c9ES DE MOINS DE 30 ANS NE SONT PAS ADMIS.<\/strong><\/p>\n\n\n\n<h3 class=\"wp-block-heading\"><strong>Confort et tranquillit\u00e9 \u00e0 l&rsquo;appartement Sol de D\u00e9nia<\/strong><\/h3>\n\n\n\n<p class=\"wp-block-paragraph\">\u00c0 l&rsquo;\u00e9tage sup\u00e9rieur, vous trouverez deux chambres doubles. La chambre principale est \u00e9quip\u00e9e de la climatisation et dispose de deux lits simples de 90 cm, tandis que la deuxi\u00e8me chambre comprend un lit de 90 cm et un autre de 80 cm.   <\/p>\n\n\n\n<p class=\"wp-block-paragraph\">L&rsquo;appartement \u00e0 <a href=\"https:\/\/denia.net\/\" data-type=\"link\" data-id=\"https:\/\/denia.net\/\" target=\"_blank\" rel=\"noopener\">D\u00e9nia<\/a> dispose \u00e9galement d&rsquo;une salle de bains avec baignoire et d&rsquo;une terrasse d\u00e9couverte offrant une vue imprenable sur le <strong><a href=\"https:\/\/familyhomesrentals.com\/parque-natural-el-montgo-en-denia\/\" data-type=\"link\" data-id=\"https:\/\/familyhomesrentals.com\/parque-natural-el-montgo-en-denia\/\">Montg\u00f3 <\/a><\/strong>et sur le jardin, \u00e0 laquelle vous pouvez acc\u00e9der depuis la chambre principale.<\/p>\n\n\n\n<p class=\"wp-block-paragraph\">Ce lotissement, familial et calme, dispose d&rsquo;une grande piscine commune, d&rsquo;une pataugeoire et d&rsquo;un magnifique jardin m\u00e9diterran\u00e9en agr\u00e9ment\u00e9 de palmiers et d&rsquo;espaces ombrag\u00e9s.<\/p>\n\n\n\n<p class=\"wp-block-paragraph\">  Elle est situ\u00e9e \u00e0 proximit\u00e9 du centre-ville, ce qui vous permettra d&rsquo;acc\u00e9der facilement \u00e0 tous les services essentiels : supermarch\u00e9, kiosque \u00e0 journaux, boulangerie, commerces et restaurants.  <\/p>\n\n\n\n<p class=\"wp-block-paragraph\">De plus, vous pourrez vous garer sans difficult\u00e9 dans le quartier et profiter d&rsquo;une aire de jeux \u00e0 proximit\u00e9, id\u00e9ale pour les plus petits.<\/p>\n\n\n\n<p class=\"wp-block-paragraph\">Ne manquez pas l&rsquo;occasion de profiter de vacances paisibles \u00e0 <strong>l&rsquo;appartement Sol de D\u00e9nia<\/strong>, o\u00f9 confort et beaut\u00e9 se c\u00f4toient \u00e0 quelques pas seulement de la mer. R\u00e9servez d\u00e8s maintenant et faites de vos vacances un souvenir inoubliable ! <\/p>\n\n\n\n<p class=\"wp-block-paragraph\"><strong>R\u00e9f\u00e9rence cadastrale<\/strong>: 0023202BD5002S0014UE<\/p>\n\n\n\n<p class=\"wp-block-paragraph\"><strong>Certificat de performance \u00e9nerg\u00e9tique :<\/strong> classe E<\/p>\n<\/div>\n<\/div>\n","protected":false},"author":5,"featured_media":17775,"menu_order":0,"template":"","zonas-de-denia":[519],"instalaciones":[179,191,197,239,206,230,245,236],"extras":[293,269,260,275,266,263,325,296,254,272,328],"payment":[],"alquiler":[44],"property-type":[82],"class_list":["post-11378","properties","type-properties","status-publish","has-post-thumbnail","hentry","zonas-de-denia-marineta-cassiana","instalaciones-climatisation","instalaciones-congelateur","instalaciones-lave-linge","instalaciones-plaque-de-cuisson-en-ceramique","instalaciones-refrigerateur","instalaciones-television-a-ecran-plat","instalaciones-terrasse-non-couverte","instalaciones-ventilateurs-de-plafond","extras-fer-a-repasser","extras-four","extras-grille-pain","extras-machine-a-cafe","extras-micro-ondes","extras-mixeur","extras-piscine-commune","extras-planche-a-repasser","extras-presse-agrumes","extras-vaisselle-et-couverts-complets","extras-wifi-fr","alquiler-vacacional","property-type-appartement"],"_links":{"self":[{"href":"https:\/\/familyhomesrentals.com\/fr\/wp-json\/wp\/v2\/properties\/11378","targetHints":{"allow":["GET"]}}],"collection":[{"href":"https:\/\/familyhomesrentals.com\/fr\/wp-json\/wp\/v2\/properties"}],"about":[{"href":"https:\/\/familyhomesrentals.com\/fr\/wp-json\/wp\/v2\/types\/properties"}],"author":[{"embeddable":true,"href":"https:\/\/familyhomesrentals.com\/fr\/wp-json\/wp\/v2\/users\/5"}],"wp:featuredmedia":[{"embeddable":true,"href":"https:\/\/familyhomesrentals.com\/fr\/wp-json\/wp\/v2\/media\/17775"}],"wp:attachment":[{"href":"https:\/\/familyhomesrentals.com\/fr\/wp-json\/wp\/v2\/media?parent=11378"}],"wp:term":[{"taxonomy":"zonas-de-denia","embeddable":true,"href":"https:\/\/familyhomesrentals.com\/fr\/wp-json\/wp\/v2\/zonas-de-denia?post=11378"},{"taxonomy":"instalaciones","embeddable":true,"href":"https:\/\/familyhomesrentals.com\/fr\/wp-json\/wp\/v2\/instalaciones?post=11378"},{"taxonomy":"extras","embeddable":true,"href":"https:\/\/familyhomesrentals.com\/fr\/wp-json\/wp\/v2\/extras?post=11378"},{"taxonomy":"payment","embeddable":true,"href":"https:\/\/familyhomesrentals.com\/fr\/wp-json\/wp\/v2\/payment?post=11378"},{"taxonomy":"alquiler","embeddable":true,"href":"https:\/\/familyhomesrentals.com\/fr\/wp-json\/wp\/v2\/alquiler?post=11378"},{"taxonomy":"property-type","embeddable":true,"href":"https:\/\/familyhomesrentals.com\/fr\/wp-json\/wp\/v2\/property-type?post=11378"}],"curies":[{"name":"wp","href":"https:\/\/api.w.org\/{rel}","templated":true}]}}