{"id":25756,"date":"2026-04-14T11:41:07","date_gmt":"2026-04-14T11:41:07","guid":{"rendered":"https:\/\/familyhomesrentals.com\/properties\/appartement-albamar-ii-a-denia-vue-sur-la-mer-acces-direct-a-la-piscine-et-a-la-plage\/"},"modified":"2026-08-20T10:28:09","modified_gmt":"2026-08-20T10:28:09","slug":"appartement-classic-a-denia","status":"publish","type":"properties","link":"https:\/\/familyhomesrentals.com\/fr\/properties\/appartement-classic-a-denia\/","title":{"rendered":"Apartamento Albamar Classico en D\u00e9nia \u2013 Con piscina, vistas al mar y acceso directo a la playa: Exclusivo 2026"},"content":{"rendered":"\n<div class=\"wp-block-group is-layout-constrained wp-block-group-is-layout-constrained\">\n<div class=\"wp-block-group is-layout-constrained wp-block-group-is-layout-constrained\">\n<div class=\"wp-block-group is-layout-constrained wp-block-group-is-layout-constrained\">\n<p class=\"wp-block-paragraph\">D\u00e9couvrez <strong>l&rsquo;appartement<\/strong> exclusif <strong>Albamar Classico \u00e0 D\u00e9nia<\/strong>, un \u00e9l\u00e9gant logement situ\u00e9 au rez-de-chauss\u00e9e d&rsquo;une r\u00e9sidence haut de gamme en bord de mer. Situ\u00e9 \u00e0 seulement 1 km du centre de <a href=\"https:\/\/denia.net\/\" data-type=\"link\" data-id=\"https:\/\/denia.net\/\" target=\"_blank\" rel=\"noopener\">D\u00e9nia<\/a>, cet appartement est id\u00e9al pour ceux qui recherchent des vacances reposantes, alliant tout le confort n\u00e9cessaire \u00e0 un emplacement privil\u00e9gi\u00e9. <\/p>\n\n\n\n<p class=\"wp-block-paragraph\"><strong>L&rsquo;appartement Classico<\/strong> allie un design contemporain, la fonctionnalit\u00e9 et l&rsquo;authentique art de vivre m\u00e9diterran\u00e9en ; il est id\u00e9al aussi bien pour les familles que pour les s\u00e9jours en couple ou entre amis.<\/p>\n\n\n\n<p class=\"wp-block-paragraph\"><strong>LES F\u00caTES ET LES GROUPES DE PERSONNES \u00c2G\u00c9ES DE MOINS DE 30 ANS NE SONT PAS ADMIS.<\/strong><\/p>\n\n\n\n<h2 class=\"wp-block-heading has-medium-font-size\">Des espaces ext\u00e9rieurs pleins de charme avec vue sur la mer<\/h2>\n\n\n\n<p class=\"wp-block-paragraph\"><strong>L&rsquo;appartement Albamar Classico \u00e0 D\u00e9nia<\/strong> propose des espaces ext\u00e9rieurs con\u00e7us pour profiter pleinement du cadre :<\/p>\n\n\n\n<ul class=\"wp-block-list\">\n<li>Terrasse priv\u00e9e offrant une vue panoramique sur la mer et le jardin<\/li>\n\n\n\n<li>Acc\u00e8s direct \u00e0 la piscine commune et \u00e0 la plage<\/li>\n\n\n\n<li>Coin repas ext\u00e9rieur, mobilier de jardin et chaises longues<\/li>\n\n\n\n<li>Un cadre paisible, id\u00e9al pour se d\u00e9tendre sous le soleil m\u00e9diterran\u00e9en<\/li>\n<\/ul>\n\n\n\n<h2 class=\"wp-block-heading has-medium-font-size\">Un int\u00e9rieur moderne, confortable et fonctionnel<\/h2>\n\n\n\n<p class=\"wp-block-paragraph\">\u00c0 l&rsquo;int\u00e9rieur, <strong>l&rsquo;appartement Albamar Classico<\/strong> se distingue par son agencement pratique et son ambiance chaleureuse :<\/p>\n\n\n\n<ul class=\"wp-block-list\">\n<li>2 chambres confortables<\/li>\n\n\n\n<li>Peut accueillir jusqu&rsquo;\u00e0 6 personnes gr\u00e2ce au canap\u00e9-lit du salon<\/li>\n\n\n\n<li>1 salle de bains compl\u00e8te et lumineuse<\/li>\n\n\n\n<li>Cuisine enti\u00e8rement \u00e9quip\u00e9e ouverte sur le salon<\/li>\n\n\n\n<li>Grand salon avec acc\u00e8s direct \u00e0 la terrasse<\/li>\n\n\n\n<li>Climatisation dans tout le logement<\/li>\n\n\n\n<li>Wi-Fi haut d\u00e9bit, moustiquaires et buanderie ind\u00e9pendante<\/li>\n<\/ul>\n\n\n\n<h2 class=\"wp-block-heading has-medium-font-size\">R\u00e9sidence haut de gamme en premi\u00e8re ligne de mer<\/h2>\n\n\n\n<p class=\"wp-block-paragraph\"><strong>L&rsquo;appartement Albamar Classico \u00e0 D\u00e9nia<\/strong> est situ\u00e9 dans un lotissement soign\u00e9 et exclusif :<\/p>\n\n\n\n<ul class=\"wp-block-list\">\n<li>Jardin m\u00e9diterran\u00e9en parfaitement entretenu<\/li>\n\n\n\n<li>Une piscine collective \u00e9l\u00e9gante<\/li>\n\n\n\n<li>Quartier r\u00e9sidentiel calme et s\u00fbr<\/li>\n\n\n\n<li>Parking inclus et possibilit\u00e9 de garage ferm\u00e9<\/li>\n<\/ul>\n\n\n\n<h3 class=\"wp-block-heading\">S\u00e9jours et locations de longue dur\u00e9e<\/h3>\n\n\n\n<p class=\"wp-block-paragraph\"><strong>L&rsquo;appartement Albamar Classico \u00e0 D\u00e9nia<\/strong> est id\u00e9al pour des vacances reposantes en bord de mer, avec <strong>un s\u00e9jour minimum de 10 jours \/ 11 nuits<\/strong>. En dehors des mois de <strong>juin \u00e0 septembre<\/strong>, il est \u00e9galement possible de b\u00e9n\u00e9ficier <strong>d&rsquo;une location de longue dur\u00e9e<\/strong>, sous r\u00e9serve de disponibilit\u00e9 et de conditions particuli\u00e8res. <br\/><\/p>\n\n\n\n<h2 class=\"wp-block-heading has-medium-font-size\">Emplacement privil\u00e9gi\u00e9 \u2013 KM 1 D\u00e9nia<\/h2>\n\n\n\n<p class=\"wp-block-paragraph\">L&rsquo;un des grands avantages de <strong>l&rsquo;appartement Alabamr Classico<\/strong> est son excellent emplacement :<\/p>\n\n\n\n<ul class=\"wp-block-list\">\n<li>Acc\u00e8s direct \u00e0 la plage<\/li>\n\n\n\n<li>\u00c0 quelques minutes des restaurants, des supermarch\u00e9s et des commodit\u00e9s<\/li>\n\n\n\n<li>\u00c0 seulement 1 km du centre historique et du port de plaisance<\/li>\n\n\n\n<li>Situ\u00e9 dans l&rsquo;un des quartiers les plus pris\u00e9s de D\u00e9nia<\/li>\n<\/ul>\n\n\n\n<h2 class=\"wp-block-heading has-medium-font-size\">Appartement Alabamar Classico : des vacances en bord de mer \u00e0 D\u00e9nia<\/h2>\n\n\n\n<p class=\"wp-block-paragraph\"><strong>L&rsquo;appartement Albamar Classico \u00e0 <a href=\"https:\/\/familyhomesrentals.com\/fr\/que-voir-a-denia-en-une-journee\/\" data-type=\"link\" data-id=\"https:\/\/familyhomesrentals.com\/que-ver-en-denia-en-un-dia\/\">D\u00e9nia<\/a><\/strong> est le choix id\u00e9al pour ceux qui recherchent le confort, un emplacement de choix et la qualit\u00e9 dans un cadre unique en bord de mer.<\/p>\n\n\n\n<p class=\"wp-block-paragraph\">Un h\u00e9bergement id\u00e9al pour passer des vacances inoubliables sur la Costa Blanca, o\u00f9 la d\u00e9tente, le soleil et la mer occupent le devant de la sc\u00e8ne.<\/p>\n<\/div>\n\n\n\n<p class=\"wp-block-paragraph\">ESFCNT00000304500110863500000000000000000000000000005<\/p>\n\n\n\n<p class=\"wp-block-paragraph\">R\u00e9f\u00e9rence cadastrale : 8442004BD4084S1001RX<\/p>\n<\/div>\n\n\n\n<p class=\"wp-block-paragraph\">Une place de parking priv\u00e9e \u00e9quip\u00e9e d&rsquo;un chargeur pour v\u00e9hicule \u00e9lectrique est disponible en option au tarif de <strong>12 \u20ac par jour.<\/strong><\/p>\n<\/div>\n","protected":false},"author":4560,"featured_media":25767,"menu_order":0,"template":"","zonas-de-denia":[],"instalaciones":[181,186,179,191,197,200,212,239,206,218,224,251,245],"extras":[308,293,269,260,275,320,266,284,325,296,254,305,272,328],"payment":[],"alquiler":[44],"property-type":[],"class_list":["post-25756","properties","type-properties","status-publish","has-post-thumbnail","hentry","instalaciones-armoires-encastrees","instalaciones-cheminee","instalaciones-climatisation","instalaciones-congelateur","instalaciones-lave-linge","instalaciones-lave-vaisselle","instalaciones-parking-prive","instalaciones-plaque-de-cuisson-en-ceramique","instalaciones-refrigerateur","instalaciones-seche-linge","instalaciones-solarium-fr","instalaciones-television-intelligente","instalaciones-terrasse-non-couverte","extras-chaises-longues","extras-fer-a-repasser","extras-four","extras-grille-pain","extras-machine-a-cafe","extras-meubles-dexterieur","extras-micro-ondes","extras-petite-machine-a-cafe-a-capsules-nespresso","extras-piscine-commune","extras-planche-a-repasser","extras-presse-agrumes","extras-seche-cheveux","extras-vaisselle-et-couverts-complets","extras-wifi-fr","alquiler-vacacional"],"_links":{"self":[{"href":"https:\/\/familyhomesrentals.com\/fr\/wp-json\/wp\/v2\/properties\/25756","targetHints":{"allow":["GET"]}}],"collection":[{"href":"https:\/\/familyhomesrentals.com\/fr\/wp-json\/wp\/v2\/properties"}],"about":[{"href":"https:\/\/familyhomesrentals.com\/fr\/wp-json\/wp\/v2\/types\/properties"}],"author":[{"embeddable":true,"href":"https:\/\/familyhomesrentals.com\/fr\/wp-json\/wp\/v2\/users\/4560"}],"wp:featuredmedia":[{"embeddable":true,"href":"https:\/\/familyhomesrentals.com\/fr\/wp-json\/wp\/v2\/media\/25767"}],"wp:attachment":[{"href":"https:\/\/familyhomesrentals.com\/fr\/wp-json\/wp\/v2\/media?parent=25756"}],"wp:term":[{"taxonomy":"zonas-de-denia","embeddable":true,"href":"https:\/\/familyhomesrentals.com\/fr\/wp-json\/wp\/v2\/zonas-de-denia?post=25756"},{"taxonomy":"instalaciones","embeddable":true,"href":"https:\/\/familyhomesrentals.com\/fr\/wp-json\/wp\/v2\/instalaciones?post=25756"},{"taxonomy":"extras","embeddable":true,"href":"https:\/\/familyhomesrentals.com\/fr\/wp-json\/wp\/v2\/extras?post=25756"},{"taxonomy":"payment","embeddable":true,"href":"https:\/\/familyhomesrentals.com\/fr\/wp-json\/wp\/v2\/payment?post=25756"},{"taxonomy":"alquiler","embeddable":true,"href":"https:\/\/familyhomesrentals.com\/fr\/wp-json\/wp\/v2\/alquiler?post=25756"},{"taxonomy":"property-type","embeddable":true,"href":"https:\/\/familyhomesrentals.com\/fr\/wp-json\/wp\/v2\/property-type?post=25756"}],"curies":[{"name":"wp","href":"https:\/\/api.w.org\/{rel}","templated":true}]}}